{"id":912,"date":"2015-07-13T20:33:58","date_gmt":"2015-07-13T18:33:58","guid":{"rendered":"http:\/\/ms-frauenfeld.ac.at\/wordpress\/?page_id=912"},"modified":"2017-07-20T09:44:48","modified_gmt":"2017-07-20T07:44:48","slug":"berufspr-tage","status":"publish","type":"page","link":"https:\/\/ms-frauenfeld.ac.at\/wordpress\/angebote\/soziales\/schuelerberatung\/berufspr-tage\/","title":{"rendered":"Berufspraktische Tage"},"content":{"rendered":"<h3><strong><span style=\"font-size: 10pt;\">&#8211; <a href=\"http:\/\/ms-frauenfeld.ac.at\/wordpress\/wp-content\/uploads\/2015\/07\/schnuppertageformular.doc\" target=\"_blank\" rel=\"noopener\">Schnuppertageformular (doc)<\/a>\u00a0\u00a0\u00a0\u00a0\u00a0\u00a0\u00a0\u00a0\u00a0\u00a0\u00a0\u00a0\u00a0\u00a0\u00a0\u00a0\u00a0\u00a0\u00a0\u00a0\u00a0\u00a0\u00a0 <\/span><\/strong><strong><span style=\"font-size: 10pt;\"><a href=\"http:\/\/ms-frauenfeld.ac.at\/wordpress\/wp-content\/uploads\/2015\/07\/schnuppertageformular.doc\">&#8211;\u00a0 <\/a><a href=\"http:\/\/ms-frauenfeld.ac.at\/wordpress\/wp-content\/uploads\/2015\/07\/schnuppertageformular.pdf\" target=\"_blank\" rel=\"noopener\">Schnuppertageformular (pdf)<\/a><\/span><\/strong><\/h3>\n<table border=\"0\" width=\"680\" cellspacing=\"0\" cellpadding=\"0\">\n<tbody>\n<tr bgcolor=\"#ffffff\">\n<td colspan=\"3\" height=\"30\">\n<div align=\"center\">\n<p align=\"center\"><strong>MERKBLATT<br \/>\n<\/strong>f\u00fcr Sch\u00fcler, Eltern und Betriebe zu den Berufspraktischen Tagen<\/p>\n<\/div>\n<\/td>\n<\/tr>\n<tr>\n<td colspan=\"3\" height=\"31\">\n<div align=\"left\"><strong><span style=\"font-size: xx-small;\"><br \/>\n<\/span><\/strong><\/div>\n<\/td>\n<\/tr>\n<tr>\n<td width=\"315\">\n<ol>\n<li><strong>Zielsetzung <\/strong><br \/>\nDie Berufspraktischen Tage dienen der Erg\u00e4nzung des Unterrichts in der<br \/>\n7.\/8. Schulstufe <strong>im Rahmen <\/strong>der verbindlichen \u00dcbung <strong>\u201eBerufsorientierung\u201c.<br \/>\nDie Organisation <\/strong>und Vorbereitung erfolgt durch die Schule.Diese Schulveranstaltung soll den Sch\u00fclern\/innen vor allem<br \/>\n<strong>\u2022 einen EINBLICK in die BERUFSWELT <\/strong>erm\u00f6glichen,<br \/>\n<strong>\u2022 die BERUFSFINDUNG <\/strong>erleichtern und die <strong> BERUFSWAHLREIFE <\/strong>f\u00f6rdern,<br \/>\n<strong>\u2022 Klarheit \u00fcber k\u00f6rperliche, geistige und charakterliche ANFORDERUNGEN DES BERUFES <\/strong>verschaffen,<br \/>\n<strong>\u2022 <\/strong>die M\u00f6glichkeiten zur selbstkritischen \u00dcberpr\u00fcfung der <strong>pers\u00f6nlichen EIGNUNG <\/strong>f\u00fcr den gew\u00fcnschten Beruf bieten.<\/li>\n<li>Bei <strong>der Durchf\u00fchrung ist besonders zu beachten:<br \/>\n\u2022 <\/strong>Der Sch\u00fcler <strong><em>\/ <\/em><\/strong>Die Sch\u00fclerin befindet sich <strong>in keinem ARBEITSVERH\u00c4LTNIS <\/strong>.<br \/>\n<strong>\u2022 <\/strong>Eine <strong>Eingliederung in den ARBEITSPROZESS <\/strong>ist <strong>nicht <\/strong>zul\u00e4ssig, d.h. eine Besch\u00e4ftigung ist zwar m\u00f6glich, es darf aber dadurch zu keinem Ersatz der Arbeitsleistung eines anderen Arbeitnehmers (z.B. Lehrlings, Hilfsarbeiters) kommen<\/li>\n<\/ol>\n<\/td>\n<td width=\"12\"><\/td>\n<td valign=\"top\" width=\"315\">\n<div align=\"left\"><strong>\u2022<\/strong> Grunds\u00e4tzlich darf der Sch\u00fcler <strong>einfache und un gef\u00e4hrliche T\u00e4tigkeiten <\/strong>(zum Zweck des Kennenlernens von Rohstoffen, Materialien und Werkzeugen) ausf\u00fchren, einfache Teilaufgaben (unter Aufsicht und Anleitung) selbstst\u00e4ndig l\u00f6sen, leichte Handgriffe durchf\u00fchren.<br \/>\n<strong>\u2022 <\/strong>Zu <strong>Boteng\u00e4ngen <\/strong>d\u00fcrfen <strong> die <\/strong>Sch\u00fcler <strong>nicht <\/strong>verwendet werden.<br \/>\n<strong>\u2022 Das Mitfahren in Firmenautos <\/strong>im unbedingt notwendigen Ausma\u00df ist gestattet, wenn es sonst nicht m\u00f6glich ist, die Besonderheiten des Berufes kennen z u lernen.<br \/>\n<strong>\u2022 Der <\/strong>Sch\u00fcler \/ <strong>Die <\/strong>Sch\u00fclerin hat <strong>keinen Anspruch auf ENTGELT <\/strong>.<br \/>\n<strong>\u2022 Die <\/strong>Bestimmungen des <strong>Arbeitnehmerschutzes <\/strong>und <strong>arbeitshygienische Vorschriften <\/strong>sind zu ber\u00fccksichtigen.<br \/>\n<strong>\u2022 <\/strong>Auf die k\u00f6rperliche Belastbarkeit der Sch\u00fcler ist <strong>R\u00fccksicht zu nehmen. <\/strong><br \/>\n<strong>\u2022 <\/strong>Die Sch\u00fcler sind als Sch\u00fcler nach dem <strong> ASVG unfallversichert. <\/strong>Sie m\u00fcssen vom Betriebsleiter bei der Sozialversicherung nicht angemeldet werden.<br \/>\n<strong>\u2022 <\/strong>\u201eBei Berufspraktischen Tagen, wo Sch\u00fcler einzeln oder gruppenweise in einem Betrieb <strong>ohne <\/strong>st\u00e4ndige Aufsicht durch Lehrer anwesend sind, muss die st\u00e4ndige Beaufsichtigung Im Sinne des <strong>\u00a7 44 <\/strong>des Schulunterrichtsgesetzes durch <strong>eine <\/strong>geeignete Person des jeweiligen Betriebes gew\u00e4hrleistet <strong>sind. Die <\/strong>Gesch\u00e4ftsleitung hat eine verl\u00e4ssliche Person ausw\u00e4hlen und der Schule namentlich bekannt zu geben. Solche Personen werden funktionell als Bundorgane t\u00e4tig\u201c<\/div>\n<\/td>\n<\/tr>\n<\/tbody>\n<\/table>\n<p><span style=\"text-decoration: underline; background-color: #ffff99;\"><strong>LINKS &#8211; Sch\u00fclerberatung<\/strong><\/span><\/p>\n<table>\n<tbody>\n<tr>\n<td><a href=\"http:\/\/ms-frauenfeld.ac.at\/wordpress\/angebote\/soziales\/schuelerberatung\/aktuell\/\"><strong>Information 1 weiterf\u00fchrende Schulen<\/strong><\/a><\/td>\n<td><strong>\u00a0<a href=\"http:\/\/ms-frauenfeld.ac.at\/wordpress\/angebote\/soziales\/schuelerberatung\/aufgaben\/\">Aufgaben der Sch\u00fclerberatung<\/a><\/strong><\/td>\n<td><strong>\u00a0<a href=\"http:\/\/ms-frauenfeld.ac.at\/wordpress\/angebote\/soziales\/schuelerberatung\/schuelerberaterin\/\">Sch\u00fclerberaterin<\/a><\/strong><\/td>\n<td><strong>\u00a0<a href=\"http:\/\/ms-frauenfeld.ac.at\/wordpress\/angebote\/soziales\/schuelerberatung\/termine\/\" target=\"_blank\" rel=\"noopener\">Sprechstunde\/<\/a><br \/>\n<a href=\"http:\/\/ms-frauenfeld.ac.at\/wordpress\/angebote\/soziales\/schuelerberatung\/termine\/\">Sch\u00fclerberaterin<\/a><\/strong><\/td>\n<\/tr>\n<tr>\n<td><a href=\"http:\/\/ms-frauenfeld.ac.at\/wordpress\/angebote\/soziales\/schuelerberatung\/information\/\"><strong>Information 2 weiterf\u00fchrende Schulen<\/strong><\/a><\/td>\n<td><strong><a href=\"http:\/\/ms-frauenfeld.ac.at\/wordpress\/angebote\/soziales\/schuelerberatung\/berfuswahl-tests\/\">Informationen und <\/a><\/strong><br \/>\n<strong><a href=\"http:\/\/ms-frauenfeld.ac.at\/wordpress\/angebote\/soziales\/schuelerberatung\/berfuswahl-tests\/\">Tests zur Berufswahl<\/a><\/strong><\/td>\n<td><strong>Berufspraktische Tage<\/strong><\/td>\n<td><strong><a href=\"http:\/\/ms-frauenfeld.ac.at\/wordpress\/angebote\/soziales\/schuelerberatung\/hilfen\/\">Schulische und au\u00dferschulische Hilfen<\/a><\/strong><\/td>\n<\/tr>\n<tr>\n<td><strong><a href=\"http:\/\/ms-frauenfeld.ac.at\/wordpress\/angebote\/soziales\/schuelerberatung\/links\/\">Links<\/a><\/strong><\/td>\n<td><strong><a href=\"http:\/\/ms-frauenfeld.ac.at\/wordpress\/wp-content\/uploads\/2015\/07\/elternbrief_anmeldung.pdf\">Aufnahmeverfahren in die 9. Schulstufe (nach der NMS)-2011\/12<\/a><\/strong><\/td>\n<td><strong>\u00a0<\/strong><\/td>\n<td><strong>\u00a0<\/strong><\/td>\n<\/tr>\n<\/tbody>\n<\/table>\n<p>&nbsp;<\/p>\n","protected":false},"excerpt":{"rendered":"<p>&#8211; Schnuppertageformular (doc)\u00a0\u00a0\u00a0\u00a0\u00a0\u00a0\u00a0\u00a0\u00a0\u00a0\u00a0\u00a0\u00a0\u00a0\u00a0\u00a0\u00a0\u00a0\u00a0\u00a0\u00a0\u00a0\u00a0 &#8211;\u00a0 Schnuppertageformular (pdf) MERKBLATT f\u00fcr Sch\u00fcler, Eltern und Betriebe zu den Berufspraktischen Tagen Zielsetzung Die Berufspraktischen Tage dienen der Erg\u00e4nzung des Unterrichts in der 7.\/8. Schulstufe im\u2026<\/p>\n<p class=\"continue-reading-button\"> <a class=\"continue-reading-link\" href=\"https:\/\/ms-frauenfeld.ac.at\/wordpress\/angebote\/soziales\/schuelerberatung\/berufspr-tage\/\">Lesen Sie mehr&#8230;<i class=\"crycon-right-dir\"><\/i><\/a><\/p>\n","protected":false},"author":2,"featured_media":0,"parent":674,"menu_order":0,"comment_status":"closed","ping_status":"closed","template":"","meta":{"footnotes":""},"_links":{"self":[{"href":"https:\/\/ms-frauenfeld.ac.at\/wordpress\/wp-json\/wp\/v2\/pages\/912"}],"collection":[{"href":"https:\/\/ms-frauenfeld.ac.at\/wordpress\/wp-json\/wp\/v2\/pages"}],"about":[{"href":"https:\/\/ms-frauenfeld.ac.at\/wordpress\/wp-json\/wp\/v2\/types\/page"}],"author":[{"embeddable":true,"href":"https:\/\/ms-frauenfeld.ac.at\/wordpress\/wp-json\/wp\/v2\/users\/2"}],"replies":[{"embeddable":true,"href":"https:\/\/ms-frauenfeld.ac.at\/wordpress\/wp-json\/wp\/v2\/comments?post=912"}],"version-history":[{"count":0,"href":"https:\/\/ms-frauenfeld.ac.at\/wordpress\/wp-json\/wp\/v2\/pages\/912\/revisions"}],"up":[{"embeddable":true,"href":"https:\/\/ms-frauenfeld.ac.at\/wordpress\/wp-json\/wp\/v2\/pages\/674"}],"wp:attachment":[{"href":"https:\/\/ms-frauenfeld.ac.at\/wordpress\/wp-json\/wp\/v2\/media?parent=912"}],"curies":[{"name":"wp","href":"https:\/\/api.w.org\/{rel}","templated":true}]}}