{"id":916,"date":"2015-07-13T20:46:13","date_gmt":"2015-07-13T18:46:13","guid":{"rendered":"http:\/\/ms-frauenfeld.ac.at\/wordpress\/?page_id=916"},"modified":"2019-10-16T05:45:32","modified_gmt":"2019-10-16T03:45:32","slug":"hilfen","status":"publish","type":"page","link":"https:\/\/ms-frauenfeld.ac.at\/wordpress\/angebote\/soziales\/schuelerberatung\/hilfen\/","title":{"rendered":"Hilfen"},"content":{"rendered":"<table border=\"0\" width=\"760\" cellpadding=\"0\">\n<tbody>\n<tr>\n<td height=\"43\">\n<div align=\"left\">\n<table border=\"0\" width=\"680\" cellspacing=\"5\" cellpadding=\"0\">\n<tbody>\n<tr>\n<td colspan=\"3\" scope=\"col\" valign=\"top\" width=\"100%\">\n<p align=\"center\"><b>Schulische Hilfen<\/b><\/p>\n<\/td>\n<\/tr>\n<tr>\n<td scope=\"col\" valign=\"top\" bgcolor=\"#fee40c\" width=\"24%\">\n<div align=\"left\"><strong>Klassenvorstand <\/strong><\/div>\n<\/td>\n<td scope=\"col\" bgcolor=\"#ffffff\" width=\"46%\">\n<div align=\"left\">Soziales Lernen im Klassenverband, erste Anlaufstelle bei Sorgen und Problemen<\/div>\n<\/td>\n<td scope=\"col\" valign=\"bottom\" bgcolor=\"#73c6ee\" width=\"30%\">(siehe Klassen\u00fcbersicht)<\/td>\n<\/tr>\n<tr>\n<td valign=\"top\" bgcolor=\"#fee40c\"><strong>Konfliktlotsen = Friedenspioniere<\/strong><\/td>\n<td bgcolor=\"#ffffff\">Ausgebildete Sch\u00fclerInnen helfen beim Streiten und beim L\u00f6sen von Konflikten<\/td>\n<td bgcolor=\"#73c6ee\">Leitung:<br \/>\nEder, Schraik<\/td>\n<\/tr>\n<tr>\n<td valign=\"top\" bgcolor=\"#fee40c\"><strong>Sch\u00fclerberater <\/strong><\/td>\n<td bgcolor=\"#ffffff\">Schullaufbahnberater; hilft bei Sorgen in und mit der Schule<\/td>\n<td valign=\"bottom\" bgcolor=\"#73c6ee\"><a href=\"mailto:klinger.s@schule.at\" target=\"_blank\" rel=\"noopener noreferrer\">klinger.s@schule.at<\/a><\/td>\n<\/tr>\n<tr>\n<td valign=\"top\" bgcolor=\"#fee40c\"><strong>Psychologische Betreuung und Beratung <\/strong><\/td>\n<td bgcolor=\"#ffffff\">Unterst\u00fctzung bei Problemen und Konflikten mit Sch\u00fclern, Eltern und Lehrern.<br \/>\n(10 Stunden pro Woche an der Schule)<\/td>\n<td valign=\"bottom\" bgcolor=\"#73c6ee\"><a href=\"http:\/\/ms-frauenfeld.ac.at\/wordpress\/angebote\/soziales\/psycholog-beratung\/\" target=\"_blank\" rel=\"noopener noreferrer\">siehe psychologische Beratung an der Schule &#8211; hier klicken&#8230;<\/a><\/p>\n<p>&nbsp;<\/td>\n<\/tr>\n<tr>\n<td valign=\"top\" bgcolor=\"#fee40c\"><strong>Schulpsychologie <\/strong><\/td>\n<td valign=\"top\" bgcolor=\"#ffffff\">Kostenlose Beratungseinrichtung, die Sch\u00fclerInnen, Eltern und LehrerInnen psychologische Unterst\u00fctzung anbietet.<br \/>\nEs gibt zwei m\u00f6glichkeiten in Kontakt zu treten:<\/p>\n<ul>\n<li>durch pers\u00f6nliche oder telefonische Anmeldung in der Beratungsstelle<\/li>\n<li>durch Vermittlung der Schule<\/li>\n<\/ul>\n<\/td>\n<td bgcolor=\"#73c6ee\"><a href=\"http:\/\/ms-frauenfeld.ac.at\/wordpress\/wp-content\/uploads\/2015\/07\/logo_psy.jpg\"><img decoding=\"async\" loading=\"lazy\" class=\"alignnone size-full wp-image-917\" src=\"http:\/\/ms-frauenfeld.ac.at\/wordpress\/wp-content\/uploads\/2015\/07\/logo_psy.jpg\" alt=\"logo_psy\" width=\"113\" height=\"54\" \/><\/a><a href=\"http:\/\/www.schulpsychologie.at\/\" target=\"_blank\" rel=\"noopener noreferrer\">schulpsychologie.lsr-noe.gv.at<\/a><\/p>\n<p>Mag. Ingrid Egger-Agbonlahor<\/td>\n<\/tr>\n<tr>\n<td valign=\"top\" bgcolor=\"#fee40c\"><strong>Schularzt <\/strong><\/td>\n<td valign=\"top\" bgcolor=\"#ffffff\">Gesundheitsvorsorge, -beratung<\/td>\n<td bgcolor=\"#73c6ee\">Dr. Angelika Kofler<\/td>\n<\/tr>\n<tr>\n<td valign=\"top\" bgcolor=\"#fee40c\"><strong>Krisenteam <\/strong><\/td>\n<td bgcolor=\"#ffffff\">Schulleiter, Sch\u00fclerberater, Religionslehrer, Schularzt, Jugendamt bei au\u00dfergew\u00f6hnlichen Ereignissen<\/td>\n<td bgcolor=\"#73c6ee\">Koordination: Direktion<\/td>\n<\/tr>\n<\/tbody>\n<\/table>\n<div align=\"center\">\n<p><strong>Au\u00dferschulische Hilfen <\/strong><\/p>\n<\/div>\n<table border=\"0\" width=\"100%\" cellspacing=\"5\" cellpadding=\"0\">\n<tbody>\n<tr>\n<td valign=\"top\" bgcolor=\"#fee40c\">Bezirkshauptmannschaft Wien-UmgebungJugendamt<\/td>\n<td bgcolor=\"#ffffff\"><a href=\"http:\/\/www.noe.gv.at\/Bezirke\/BH-Wien-Umgebung\/Aussenstellen\/WU-AS-Schwechat.html\" target=\"_blank\" rel=\"noopener noreferrer\"> http:\/\/www.noe.gv.at\/Bezirke\/BH-Wien-Umgebung\/Aussenstellen\/WU-AS-Schwechat.html<\/a><\/td>\n<td bgcolor=\"#73c6ee\">\n<table cellspacing=\"0\" cellpadding=\"0\">\n<tbody>\n<tr>\n<td align=\"left\" valign=\"top\"><strong>A<\/strong><strong>u\u00dfenstelle Schwechat <\/strong>der BH Wien-Umgebung<\/p>\n<p>&nbsp;<\/td>\n<\/tr>\n<\/tbody>\n<\/table>\n<\/td>\n<\/tr>\n<tr>\n<td valign=\"top\" bgcolor=\"#fee40c\">N\u00d6-Hilfswerk<\/td>\n<td bgcolor=\"#ffffff\">\n<div align=\"center\"><a href=\"http:\/\/ms-frauenfeld.ac.at\/wordpress\/wp-content\/uploads\/2015\/07\/logo_hi.jpg\"><img decoding=\"async\" loading=\"lazy\" class=\"alignnone size-full wp-image-919\" src=\"http:\/\/ms-frauenfeld.ac.at\/wordpress\/wp-content\/uploads\/2015\/07\/logo_hi.jpg\" alt=\"logo_hi\" width=\"57\" height=\"55\" \/><\/a><br \/>\n<a href=\"http:\/\/www.hilfswerk.at\" target=\"_blank\" rel=\"noopener noreferrer\"> www.hilfswerk.at <\/a><\/div>\n<\/td>\n<td bgcolor=\"#73c6ee\">\n<table cellspacing=\"0\" cellpadding=\"0\">\n<tbody>\n<tr>\n<td align=\"left\" valign=\"top\"><strong>Schule und Beruf <\/strong><br \/>\n&#8211; Nachhilfe<br \/>\n&#8211; Lernbegleitung<br \/>\n&#8211; Arbeitsbegleitung<\/td>\n<\/tr>\n<\/tbody>\n<\/table>\n<\/td>\n<\/tr>\n<tr>\n<td bgcolor=\"#fee40c\">Regionalforum Schwechat<\/td>\n<td valign=\"top\" bgcolor=\"#ffffff\">\n<div align=\"center\">\n<p><a href=\"http:\/\/ms-frauenfeld.ac.at\/wordpress\/wp-content\/uploads\/2015\/07\/logo_sops.jpg\"><img decoding=\"async\" loading=\"lazy\" class=\"alignnone size-full wp-image-920\" src=\"http:\/\/ms-frauenfeld.ac.at\/wordpress\/wp-content\/uploads\/2015\/07\/logo_sops.jpg\" alt=\"logo_sops\" width=\"84\" height=\"55\" \/><\/a><\/p>\n<table cellspacing=\"0\" cellpadding=\"0\">\n<tbody>\n<tr>\n<td align=\"left\" valign=\"top\" height=\"79\"><a href=\"http:\/\/www.sops.at\/\" target=\"_blank\" rel=\"noopener noreferrer\">http:\/\/www.sops.at\/<\/a><\/td>\n<\/tr>\n<\/tbody>\n<\/table>\n<\/div>\n<\/td>\n<td valign=\"top\" bgcolor=\"#73c6ee\">Unterst\u00fctzung bei der Erledigung der Hausaufgaben, \u00dcben f\u00fcr Schularbeiten und Tests, F\u00f6rderung bei schulischen Leistungsschw\u00e4chen<\/td>\n<\/tr>\n<tr>\n<td valign=\"top\" bgcolor=\"#fee40c\">\n<table cellspacing=\"0\" cellpadding=\"0\">\n<tbody>\n<tr>\n<td align=\"left\" valign=\"top\">MmbB \u2013<br \/>\nMenschen mit besonderen Bed\u00fcrfnissen<\/td>\n<\/tr>\n<\/tbody>\n<\/table>\n<\/td>\n<td align=\"center\" valign=\"center\" bgcolor=\"#ffffff\"><a href=\"http:\/\/www.mmbb.at\/\" target=\"_blank\" rel=\"noopener noreferrer\"><br \/>\nwww.mmbb.at <\/a><\/td>\n<td valign=\"top\" bgcolor=\"#73c6ee\">Der Verein<br \/>\nMmbB &#8211; Menschen mit besonderen Bed\u00fcrfnissen<br \/>\nnimmt sich der Thematik &#8222;behinderter Menschen&#8220; an<\/td>\n<\/tr>\n<tr>\n<td valign=\"top\" bgcolor=\"#fee40c\">\n<h6>Verein: Integration in Nieder\u00f6sterreich<\/h6>\n<p class=\"bodytext\">Ehbrustergasse 5\/3\/II, 2320 Schwechat<br \/>\nFax: 01 \/ 707 93 27<\/p>\n<\/td>\n<td bgcolor=\"#ffffff\">\u00a0<a href=\"http:\/\/www.integration-noe.at\" target=\"_blank\" rel=\"noopener noreferrer\">http:\/\/www.integration-noe.at<\/a><\/td>\n<td valign=\"top\" bgcolor=\"#73c6ee\">Abkl\u00e4rung von beruflichen Entwicklungsm\u00f6glichkeiten f\u00fcr Jugendliche aus Integrationsklassen und Sonderschulen sowie f\u00fcr Jugendliche mit sozialen Problemen bzw. jeglicher Art von Behinderung .<\/td>\n<\/tr>\n<tr>\n<td valign=\"top\" bgcolor=\"#fee40c\">\n<table cellspacing=\"0\" cellpadding=\"0\">\n<tbody>\n<tr>\n<td align=\"left\" valign=\"top\">KIWOZI<br \/>\nambulant<br \/>\nSchlossstra\u00dfe 3\/ 1\/Top 4<\/td>\n<\/tr>\n<\/tbody>\n<\/table>\n<p>2320 Schwechat<\/td>\n<td bgcolor=\"#ffffff\">\n<div align=\"center\"><a href=\"http:\/\/www.kiwozi.at\" target=\"_blank\" rel=\"noopener noreferrer\">http:\/\/www.kiwozi.at<\/a><\/div>\n<\/td>\n<td valign=\"top\" bgcolor=\"#73c6ee\">Leistungen zur Unterst\u00fctzung von Kindern, Jugendlichen und Familien und zur Pr\u00e4vention voller Erziehung von Kindern\/Jugendlichen Leistungen zur R\u00fcckf\u00fchrung von Kindern\/Jugendlichen aus der vollen Erziehung in die Familie<\/td>\n<\/tr>\n<\/tbody>\n<\/table>\n<\/div>\n<\/td>\n<\/tr>\n<\/tbody>\n<\/table>\n<p><span style=\"text-decoration: underline; background-color: #ffff99;\"><strong>LINKS &#8211; Sch\u00fclerberatung<\/strong><\/span><\/p>\n<table>\n<tbody>\n<tr>\n<td><a href=\"http:\/\/ms-frauenfeld.ac.at\/wordpress\/angebote\/soziales\/schuelerberatung\/aktuell\/\"><strong>Information 1 weiterf\u00fchrende Schulen<\/strong><\/a><\/td>\n<td><strong>\u00a0<a href=\"http:\/\/ms-frauenfeld.ac.at\/wordpress\/angebote\/soziales\/schuelerberatung\/aufgaben\/\">Aufgaben der Sch\u00fclerberatung<\/a><\/strong><\/td>\n<td><strong>\u00a0<a href=\"http:\/\/ms-frauenfeld.ac.at\/wordpress\/angebote\/soziales\/schuelerberatung\/schuelerberaterin\/\">Sch\u00fclerberaterin<\/a><\/strong><\/td>\n<td><strong>\u00a0<a href=\"http:\/\/ms-frauenfeld.ac.at\/wordpress\/angebote\/soziales\/schuelerberatung\/termine\/\" target=\"_blank\" rel=\"noopener noreferrer\">Sprechstunde\/<\/a><br \/>\n<a href=\"http:\/\/ms-frauenfeld.ac.at\/wordpress\/angebote\/soziales\/schuelerberatung\/termine\/\">Sch\u00fclerberaterin<\/a><\/strong><\/td>\n<\/tr>\n<tr>\n<td><a href=\"http:\/\/ms-frauenfeld.ac.at\/wordpress\/angebote\/soziales\/schuelerberatung\/information\/\"><strong>Information 2 weiterf\u00fchrende Schulen<\/strong><\/a><\/td>\n<td><strong><a href=\"http:\/\/ms-frauenfeld.ac.at\/wordpress\/angebote\/soziales\/schuelerberatung\/berfuswahl-tests\/\">Informationen und <\/a><\/strong><br \/>\n<strong><a href=\"http:\/\/ms-frauenfeld.ac.at\/wordpress\/angebote\/soziales\/schuelerberatung\/berfuswahl-tests\/\">Tests zur Berufswahl<\/a><\/strong><\/td>\n<td><strong><a href=\"http:\/\/ms-frauenfeld.ac.at\/wordpress\/angebote\/soziales\/schuelerberatung\/berufspr-tage\/\">Berufspraktische Tage<\/a><\/strong><\/td>\n<td><strong>Schulische und au\u00dferschulische Hilfen<\/strong><\/td>\n<\/tr>\n<tr>\n<td><strong><a href=\"http:\/\/ms-frauenfeld.ac.at\/wordpress\/angebote\/soziales\/schuelerberatung\/links\/\">Links<\/a><\/strong><\/td>\n<td><strong><a href=\"http:\/\/ms-frauenfeld.ac.at\/wordpress\/wp-content\/uploads\/2015\/07\/elternbrief_anmeldung.pdf\">Aufnahmeverfahren in die 9. Schulstufe (nach der NMS)-2011\/12<\/a><\/strong><\/td>\n<td><strong>\u00a0<\/strong><\/td>\n<td><strong>\u00a0<\/strong><\/td>\n<\/tr>\n<\/tbody>\n<\/table>\n<p>&nbsp;<\/p>\n","protected":false},"excerpt":{"rendered":"<p>Schulische Hilfen Klassenvorstand Soziales Lernen im Klassenverband, erste Anlaufstelle bei Sorgen und Problemen (siehe Klassen\u00fcbersicht) Konfliktlotsen = Friedenspioniere Ausgebildete Sch\u00fclerInnen helfen beim Streiten und beim L\u00f6sen von Konflikten Leitung: Eder,\u2026<\/p>\n<p class=\"continue-reading-button\"> <a class=\"continue-reading-link\" href=\"https:\/\/ms-frauenfeld.ac.at\/wordpress\/angebote\/soziales\/schuelerberatung\/hilfen\/\">Lesen Sie mehr&#8230;<i class=\"crycon-right-dir\"><\/i><\/a><\/p>\n","protected":false},"author":2,"featured_media":0,"parent":674,"menu_order":0,"comment_status":"closed","ping_status":"closed","template":"","meta":{"footnotes":""},"_links":{"self":[{"href":"https:\/\/ms-frauenfeld.ac.at\/wordpress\/wp-json\/wp\/v2\/pages\/916"}],"collection":[{"href":"https:\/\/ms-frauenfeld.ac.at\/wordpress\/wp-json\/wp\/v2\/pages"}],"about":[{"href":"https:\/\/ms-frauenfeld.ac.at\/wordpress\/wp-json\/wp\/v2\/types\/page"}],"author":[{"embeddable":true,"href":"https:\/\/ms-frauenfeld.ac.at\/wordpress\/wp-json\/wp\/v2\/users\/2"}],"replies":[{"embeddable":true,"href":"https:\/\/ms-frauenfeld.ac.at\/wordpress\/wp-json\/wp\/v2\/comments?post=916"}],"version-history":[{"count":0,"href":"https:\/\/ms-frauenfeld.ac.at\/wordpress\/wp-json\/wp\/v2\/pages\/916\/revisions"}],"up":[{"embeddable":true,"href":"https:\/\/ms-frauenfeld.ac.at\/wordpress\/wp-json\/wp\/v2\/pages\/674"}],"wp:attachment":[{"href":"https:\/\/ms-frauenfeld.ac.at\/wordpress\/wp-json\/wp\/v2\/media?parent=916"}],"curies":[{"name":"wp","href":"https:\/\/api.w.org\/{rel}","templated":true}]}}