{"id":95908,"date":"2021-07-12T15:37:48","date_gmt":"2021-07-12T13:37:48","guid":{"rendered":"https:\/\/ms-frauenfeld.ac.at\/wordpress\/?page_id=95908"},"modified":"2021-07-12T15:37:48","modified_gmt":"2021-07-12T13:37:48","slug":"digitales-lernen","status":"publish","type":"page","link":"https:\/\/ms-frauenfeld.ac.at\/wordpress\/digitales-lernen\/","title":{"rendered":"digitales Lernen"},"content":{"rendered":"<h1 class=\"entry-title\">DIGITALES LERNEN: Die Ger\u00e4te-Initiative geht los!<\/h1>\n<div class=\"entry-meta\"><\/div>\n<div class=\"entry-content\">\n<table>\n<tbody>\n<tr>\n<td><a href=\"https:\/\/ms-frauenfeld.ac.at\/wordpress\/wp-content\/uploads\/2021\/05\/Foto2_digitales-Lernen-.jpg\"><img decoding=\"async\" loading=\"lazy\" class=\"alignleft wp-image-95708 size-large\" src=\"https:\/\/ms-frauenfeld.ac.at\/wordpress\/wp-content\/uploads\/2021\/05\/Foto2_digitales-Lernen--644x78.jpg\" sizes=\"(max-width: 644px) 100vw, 644px\" srcset=\"https:\/\/ms-frauenfeld.ac.at\/wordpress\/wp-content\/uploads\/2021\/05\/Foto2_digitales-Lernen--644x78.jpg 644w, https:\/\/ms-frauenfeld.ac.at\/wordpress\/wp-content\/uploads\/2021\/05\/Foto2_digitales-Lernen--300x36.jpg 300w, https:\/\/ms-frauenfeld.ac.at\/wordpress\/wp-content\/uploads\/2021\/05\/Foto2_digitales-Lernen--150x18.jpg 150w, https:\/\/ms-frauenfeld.ac.at\/wordpress\/wp-content\/uploads\/2021\/05\/Foto2_digitales-Lernen-.jpg 721w\" alt=\"\" width=\"644\" height=\"78\" \/><\/a><\/td>\n<\/tr>\n<\/tbody>\n<\/table>\n<p><strong>Die \u00f6sterreichische Bundesregierung hat sich zum Ziel gesetzt, im Rahmen des 8 Punkte-Plans f\u00fcr den digitalen Unterricht ab dem\u00a0 Schuljahr 2021\/22 die 5. Schulstufen mit digitalen Endger\u00e4ten auszustatten!<\/strong><\/p>\n<table>\n<tbody>\n<tr>\n<td><a href=\"https:\/\/ms-frauenfeld.ac.at\/wordpress\/wp-content\/uploads\/2021\/05\/wann.jpg\"><img decoding=\"async\" loading=\"lazy\" class=\"alignleft wp-image-95714 size-full\" src=\"https:\/\/ms-frauenfeld.ac.at\/wordpress\/wp-content\/uploads\/2021\/05\/wann.jpg\" sizes=\"(max-width: 199px) 100vw, 199px\" srcset=\"https:\/\/ms-frauenfeld.ac.at\/wordpress\/wp-content\/uploads\/2021\/05\/wann.jpg 199w, https:\/\/ms-frauenfeld.ac.at\/wordpress\/wp-content\/uploads\/2021\/05\/wann-142x150.jpg 142w\" alt=\"\" width=\"199\" height=\"210\" \/><\/a><a href=\"https:\/\/ms-frauenfeld.ac.at\/wordpress\/wp-content\/uploads\/2021\/05\/Foto1_digitales-Lernen-.jpg\"><img decoding=\"async\" loading=\"lazy\" class=\"alignleft wp-image-95707 size-medium\" src=\"https:\/\/ms-frauenfeld.ac.at\/wordpress\/wp-content\/uploads\/2021\/05\/Foto1_digitales-Lernen--300x229.jpg\" sizes=\"(max-width: 300px) 100vw, 300px\" srcset=\"https:\/\/ms-frauenfeld.ac.at\/wordpress\/wp-content\/uploads\/2021\/05\/Foto1_digitales-Lernen--300x229.jpg 300w, https:\/\/ms-frauenfeld.ac.at\/wordpress\/wp-content\/uploads\/2021\/05\/Foto1_digitales-Lernen--150x115.jpg 150w, https:\/\/ms-frauenfeld.ac.at\/wordpress\/wp-content\/uploads\/2021\/05\/Foto1_digitales-Lernen-.jpg 550w\" alt=\"\" width=\"300\" height=\"229\" \/><\/a><\/td>\n<\/tr>\n<\/tbody>\n<\/table>\n<p>Zweck der Initiative ist es, Sch\u00fclerinnen und Sch\u00fclern zu gleichen Rahmenbedingungen den Zugang zu digitaler Bildung zu erm\u00f6glichen.<a href=\"https:\/\/ms-frauenfeld.ac.at\/wordpress\/wp-content\/uploads\/2021\/05\/warum.jpg\"><img decoding=\"async\" loading=\"lazy\" class=\"wp-image-95715 size-full alignright\" src=\"https:\/\/ms-frauenfeld.ac.at\/wordpress\/wp-content\/uploads\/2021\/05\/warum.jpg\" sizes=\"(max-width: 243px) 100vw, 243px\" srcset=\"https:\/\/ms-frauenfeld.ac.at\/wordpress\/wp-content\/uploads\/2021\/05\/warum.jpg 243w, https:\/\/ms-frauenfeld.ac.at\/wordpress\/wp-content\/uploads\/2021\/05\/warum-150x84.jpg 150w\" alt=\"\" width=\"243\" height=\"136\" \/><\/a><\/p>\n<p>Im Zuge von in den vergangenen Jahren durchgef\u00fchrten Projekten zum Einsatz mobiler Ger\u00e4te wurde das p\u00e4dagogische Potential von\u00a0 Notebooks und Tablets im Unterricht erprobt. Wissenschaftliche Begleituntersuchungen best\u00e4tigen positive Effekte in den Bereichen\u00a0 Kompetenzerwerb der Sch\u00fclerinnen und Sch\u00fcler, Individualisierung des Lernprozesses, Erreichen der Lernziele und Unterrichtsgestaltung.<a href=\"https:\/\/ms-frauenfeld.ac.at\/wordpress\/wp-content\/uploads\/2021\/05\/was.jpg\"><img decoding=\"async\" loading=\"lazy\" class=\"wp-image-95716 size-full aligncenter\" src=\"https:\/\/ms-frauenfeld.ac.at\/wordpress\/wp-content\/uploads\/2021\/05\/was.jpg\" sizes=\"(max-width: 214px) 100vw, 214px\" srcset=\"https:\/\/ms-frauenfeld.ac.at\/wordpress\/wp-content\/uploads\/2021\/05\/was.jpg 214w, https:\/\/ms-frauenfeld.ac.at\/wordpress\/wp-content\/uploads\/2021\/05\/was-145x150.jpg 145w\" alt=\"\" width=\"214\" height=\"222\" \/><\/a><\/p>\n<p><a href=\"https:\/\/digitaleslernen.oead.at\/fileadmin\/Dokumente\/digitaleslernen.oead.at\/Dokumente_fuer_News\/OeAD_Elterninfo.pdf\" target=\"_blank\" rel=\"noopener\">Quelle: digitaleslernen.oead.at \u2013 Elterninformation: hier klicken\u2026.<\/a><\/p>\n<p><a href=\"https:\/\/digitaleslernen.oead.at\/\"><img decoding=\"async\" loading=\"lazy\" class=\"alignleft wp-image-95713 size-thumbnail\" src=\"https:\/\/ms-frauenfeld.ac.at\/wordpress\/wp-content\/uploads\/2021\/05\/fragen-150x86.jpg\" sizes=\"(max-width: 150px) 100vw, 150px\" srcset=\"https:\/\/ms-frauenfeld.ac.at\/wordpress\/wp-content\/uploads\/2021\/05\/fragen-150x86.jpg 150w, https:\/\/ms-frauenfeld.ac.at\/wordpress\/wp-content\/uploads\/2021\/05\/fragen.jpg 207w\" alt=\"\" width=\"150\" height=\"86\" \/><\/a><\/p>\n<div id=\"attachment_95707\" class=\"wp-caption alignleft\"><a href=\"https:\/\/digitaleslernen.oead.at\/fileadmin\/Dokumente\/digitaleslernen.oead.at\/Dokumente_fuer_News\/OeAD_Elterninfo.pdf\"><img decoding=\"async\" loading=\"lazy\" class=\"wp-image-95707 size-medium\" src=\"https:\/\/ms-frauenfeld.ac.at\/wordpress\/wp-content\/uploads\/2021\/05\/Foto1_digitales-Lernen--300x229.jpg\" sizes=\"(max-width: 300px) 100vw, 300px\" srcset=\"https:\/\/ms-frauenfeld.ac.at\/wordpress\/wp-content\/uploads\/2021\/05\/Foto1_digitales-Lernen--300x229.jpg 300w, https:\/\/ms-frauenfeld.ac.at\/wordpress\/wp-content\/uploads\/2021\/05\/Foto1_digitales-Lernen--150x115.jpg 150w, https:\/\/ms-frauenfeld.ac.at\/wordpress\/wp-content\/uploads\/2021\/05\/Foto1_digitales-Lernen-.jpg 550w\" alt=\"\" width=\"300\" height=\"229\" aria-describedby=\"caption-attachment-95707\" \/><\/a><\/p>\n<p id=\"caption-attachment-95707\" class=\"wp-caption-text\">Quelle: https:\/\/digitaleslernen.oead.at\/fileadmin\/Dokumente\/digitaleslernen.oead.at\/Dokumente_fuer_News\/OeAD_Elterninfo.pdf<\/p>\n<\/div>\n<\/div>\n","protected":false},"excerpt":{"rendered":"<p>DIGITALES LERNEN: Die Ger\u00e4te-Initiative geht los! Die \u00f6sterreichische Bundesregierung hat sich zum Ziel gesetzt, im Rahmen des 8 Punkte-Plans f\u00fcr den digitalen Unterricht ab dem\u00a0 Schuljahr 2021\/22 die 5. Schulstufen\u2026<\/p>\n<p class=\"continue-reading-button\"> <a class=\"continue-reading-link\" href=\"https:\/\/ms-frauenfeld.ac.at\/wordpress\/digitales-lernen\/\">Lesen Sie mehr&#8230;<i class=\"crycon-right-dir\"><\/i><\/a><\/p>\n","protected":false},"author":2,"featured_media":0,"parent":0,"menu_order":0,"comment_status":"closed","ping_status":"closed","template":"","meta":{"footnotes":""},"_links":{"self":[{"href":"https:\/\/ms-frauenfeld.ac.at\/wordpress\/wp-json\/wp\/v2\/pages\/95908"}],"collection":[{"href":"https:\/\/ms-frauenfeld.ac.at\/wordpress\/wp-json\/wp\/v2\/pages"}],"about":[{"href":"https:\/\/ms-frauenfeld.ac.at\/wordpress\/wp-json\/wp\/v2\/types\/page"}],"author":[{"embeddable":true,"href":"https:\/\/ms-frauenfeld.ac.at\/wordpress\/wp-json\/wp\/v2\/users\/2"}],"replies":[{"embeddable":true,"href":"https:\/\/ms-frauenfeld.ac.at\/wordpress\/wp-json\/wp\/v2\/comments?post=95908"}],"version-history":[{"count":0,"href":"https:\/\/ms-frauenfeld.ac.at\/wordpress\/wp-json\/wp\/v2\/pages\/95908\/revisions"}],"wp:attachment":[{"href":"https:\/\/ms-frauenfeld.ac.at\/wordpress\/wp-json\/wp\/v2\/media?parent=95908"}],"curies":[{"name":"wp","href":"https:\/\/api.w.org\/{rel}","templated":true}]}}